{"id":1830,"date":"2026-08-05T13:48:24","date_gmt":"2026-08-05T11:48:24","guid":{"rendered":"https:\/\/bluemoon.fr\/bel\/demo\/?post_type=product&#038;p=1830"},"modified":"2026-08-26T14:12:21","modified_gmt":"2026-08-26T12:12:21","slug":"begonia","status":"publish","type":"product","link":"https:\/\/bluemoon.fr\/bel\/demo\/produit\/begonia\/","title":{"rendered":"B\u00e9gonia"},"content":{"rendered":"<p>Une valeur s\u00fbre pour les rayons de plantes \u00e0 massif, appr\u00e9ci\u00e9e pour son port r\u00e9gulier et sa lecture imm\u00e9diate en lin\u00e9aire. Port compact, coloris rouge, rose ou blanc, adapt\u00e9 au soleil et \u00e0 la mi-ombre selon les vari\u00e9t\u00e9s.<\/p>\n<ul>\n<li><strong>Positionnement commercial\u00a0: <\/strong><strong>Plante \u00e0 port \u00e9rig\u00e9\u00a0; Coloris vifs\u00a0; Certaines vari\u00e9t\u00e9s peuvent aller aussi bien en int\u00e9rieur qu\u2019en ext\u00e9rieur<\/strong>.<\/li>\n<li><strong>P\u00e9riode de disponibilit\u00e9\u00a0en point de vente : <\/strong><strong>Mars \u00e0 Ao\u00fbt<\/strong><\/li>\n<li><strong>Conditionnements disponibles\u00a0: <\/strong><strong>Pot de 15cm \u2013 18cm \u2013 4.5L \u2013 12cm\u00a0; coupe de 30cm<\/strong><\/li>\n<\/ul>\n","protected":false},"excerpt":{"rendered":"<p>Une valeur s\u00fbre pour les rayons de plantes \u00e0 massif, appr\u00e9ci\u00e9e pour son port r\u00e9gulier et sa lecture imm\u00e9diate en lin\u00e9aire. Port compact, coloris rouge, rose ou blanc, adapt\u00e9 au soleil et \u00e0 la mi-ombre selon les vari\u00e9t\u00e9s. Positionnement commercial\u00a0: Plante \u00e0 port \u00e9rig\u00e9\u00a0; Coloris vifs\u00a0; Certaines vari\u00e9t\u00e9s peuvent aller aussi bien en int\u00e9rieur qu\u2019en ext\u00e9rieur. P\u00e9riode de disponibilit\u00e9\u00a0en point &#8230; <\/p>\n<div><a href=\"https:\/\/bluemoon.fr\/bel\/demo\/produit\/begonia\/\" class=\"more-link\">Read More<\/a><\/div>\n","protected":false},"featured_media":2340,"template":"","meta":{"_acf_changed":false,"rs_blank_template":"","rs_page_bg_color":"","slide_template_v7":""},"product_brand":[],"product_cat":[28],"product_tag":[],"class_list":["post-1830","product","type-product","status-publish","has-post-thumbnail","product_cat-plantes-interieur","first","instock","shipping-taxable","product-type-simple"],"acf":[],"_links":{"self":[{"href":"https:\/\/bluemoon.fr\/bel\/demo\/wp-json\/wp\/v2\/product\/1830","targetHints":{"allow":["GET"]}}],"collection":[{"href":"https:\/\/bluemoon.fr\/bel\/demo\/wp-json\/wp\/v2\/product"}],"about":[{"href":"https:\/\/bluemoon.fr\/bel\/demo\/wp-json\/wp\/v2\/types\/product"}],"wp:featuredmedia":[{"embeddable":true,"href":"https:\/\/bluemoon.fr\/bel\/demo\/wp-json\/wp\/v2\/media\/2340"}],"wp:attachment":[{"href":"https:\/\/bluemoon.fr\/bel\/demo\/wp-json\/wp\/v2\/media?parent=1830"}],"wp:term":[{"taxonomy":"product_brand","embeddable":true,"href":"https:\/\/bluemoon.fr\/bel\/demo\/wp-json\/wp\/v2\/product_brand?post=1830"},{"taxonomy":"product_cat","embeddable":true,"href":"https:\/\/bluemoon.fr\/bel\/demo\/wp-json\/wp\/v2\/product_cat?post=1830"},{"taxonomy":"product_tag","embeddable":true,"href":"https:\/\/bluemoon.fr\/bel\/demo\/wp-json\/wp\/v2\/product_tag?post=1830"}],"curies":[{"name":"wp","href":"https:\/\/api.w.org\/{rel}","templated":true}]}}